{"id":546,"date":"2020-10-01T14:34:16","date_gmt":"2020-10-01T14:34:16","guid":{"rendered":"http:\/\/staging1.bodevici.es\/?post_type=product&#038;p=546"},"modified":"2021-02-12T09:54:26","modified_gmt":"2021-02-12T09:54:26","slug":"crema-catalana","status":"publish","type":"product","link":"https:\/\/bodevici.com\/es\/producto\/crema-catalana","title":{"rendered":"Crema catalana de la Iaia Mar\u00eda"},"content":{"rendered":"","protected":false},"excerpt":{"rendered":"<p>Una receta hecha con el coraz\u00f3n. Este sabor es un homenaje sincero a la abuela de Jordi \u2013 y a todas las abuelas, en realidad- y a esa generosidad de la que hacen gala. Nos hemos inspirado en las sobremesas familiares y los postres de domingo. Y para que se hiciera m\u00e1s inolvidable, le hemos a\u00f1adido un acabado de az\u00facar de ca\u00f1a caramelizada por encima. Es un helado que nos emociona tanto como echar una mirada dulce hacia atr\u00e1s. <\/p>\n","protected":false},"featured_media":661,"template":"","meta":{"_genesis_hide_title":false,"_genesis_hide_breadcrumbs":false,"_genesis_hide_singular_image":false,"_genesis_hide_footer_widgets":false,"_genesis_custom_body_class":"","_genesis_custom_post_class":"","_genesis_layout":""},"product_brand":[],"product_cat":[17],"product_tag":[],"class_list":{"0":"post-546","1":"product","2":"type-product","3":"status-publish","4":"has-post-thumbnail","6":"product_cat-helados","7":"entry","9":"first","10":"instock","11":"shipping-taxable","12":"product-type-simple"},"yoast_head":"<!-- This site is optimized with the Yoast SEO plugin v25.4 - https:\/\/yoast.com\/wordpress\/plugins\/seo\/ -->\n<title>Crema catalana de la Iaia Mar\u00eda - Bodevici<\/title>\n<meta name=\"robots\" content=\"index, follow, max-snippet:-1, max-image-preview:large, max-video-preview:-1\" \/>\n<link rel=\"canonical\" href=\"https:\/\/bodevici.com\/es\/producto\/crema-catalana\" \/>\n<meta property=\"og:locale\" content=\"es_ES\" \/>\n<meta property=\"og:type\" content=\"article\" \/>\n<meta property=\"og:title\" content=\"Crema catalana de la Iaia Mar\u00eda - Bodevici\" \/>\n<meta property=\"og:description\" content=\"Una receta hecha con el coraz\u00f3n. Este sabor es un homenaje sincero a la abuela de Jordi \u2013 y a todas las abuelas, en realidad- y a esa generosidad de la que hacen gala. Nos hemos inspirado en las sobremesas familiares y los postres de domingo. Y para que se hiciera m\u00e1s inolvidable, le hemos a\u00f1adido un acabado de az\u00facar de ca\u00f1a caramelizada por encima. Es un helado que nos emociona tanto como echar una mirada dulce hacia atr\u00e1s.\" \/>\n<meta property=\"og:url\" content=\"https:\/\/bodevici.com\/es\/producto\/crema-catalana\" \/>\n<meta property=\"og:site_name\" content=\"Bodevici\" \/>\n<meta property=\"article:modified_time\" content=\"2021-02-12T09:54:26+00:00\" \/>\n<meta property=\"og:image\" content=\"https:\/\/bodevici.com\/wp-content\/uploads\/2020\/10\/Crema-catalana.png\" \/>\n\t<meta property=\"og:image:width\" content=\"800\" \/>\n\t<meta property=\"og:image:height\" content=\"800\" \/>\n\t<meta property=\"og:image:type\" content=\"image\/png\" \/>\n<meta name=\"twitter:card\" content=\"summary_large_image\" \/>\n<script type=\"application\/ld+json\" class=\"yoast-schema-graph\">{\"@context\":\"https:\/\/schema.org\",\"@graph\":[{\"@type\":\"WebPage\",\"@id\":\"https:\/\/bodevici.com\/es\/producto\/crema-catalana\",\"url\":\"https:\/\/bodevici.com\/es\/producto\/crema-catalana\",\"name\":\"Crema catalana de la Iaia Mar\u00eda - Bodevici\",\"isPartOf\":{\"@id\":\"https:\/\/bodevici.com\/#website\"},\"primaryImageOfPage\":{\"@id\":\"https:\/\/bodevici.com\/es\/producto\/crema-catalana#primaryimage\"},\"image\":{\"@id\":\"https:\/\/bodevici.com\/es\/producto\/crema-catalana#primaryimage\"},\"thumbnailUrl\":\"https:\/\/bodevici.com\/wp-content\/uploads\/2020\/10\/Crema-catalana.png\",\"datePublished\":\"2020-10-01T14:34:16+00:00\",\"dateModified\":\"2021-02-12T09:54:26+00:00\",\"breadcrumb\":{\"@id\":\"https:\/\/bodevici.com\/es\/producto\/crema-catalana#breadcrumb\"},\"inLanguage\":\"es\",\"potentialAction\":[{\"@type\":\"ReadAction\",\"target\":[\"https:\/\/bodevici.com\/es\/producto\/crema-catalana\"]}]},{\"@type\":\"ImageObject\",\"inLanguage\":\"es\",\"@id\":\"https:\/\/bodevici.com\/es\/producto\/crema-catalana#primaryimage\",\"url\":\"https:\/\/bodevici.com\/wp-content\/uploads\/2020\/10\/Crema-catalana.png\",\"contentUrl\":\"https:\/\/bodevici.com\/wp-content\/uploads\/2020\/10\/Crema-catalana.png\",\"width\":800,\"height\":800},{\"@type\":\"BreadcrumbList\",\"@id\":\"https:\/\/bodevici.com\/es\/producto\/crema-catalana#breadcrumb\",\"itemListElement\":[{\"@type\":\"ListItem\",\"position\":1,\"name\":\"Inici\",\"item\":\"https:\/\/bodevici.com\/es\"},{\"@type\":\"ListItem\",\"position\":2,\"name\":\"Botiga\",\"item\":\"https:\/\/bodevici.com\/?page_id=74547\"},{\"@type\":\"ListItem\",\"position\":3,\"name\":\"Crema catalana de la Iaia Mar\u00eda\"}]},{\"@type\":\"WebSite\",\"@id\":\"https:\/\/bodevici.com\/#website\",\"url\":\"https:\/\/bodevici.com\/\",\"name\":\"Bodevici\",\"description\":\"Somos la 1\u00aa heladeria Zero Waste de Europa\",\"potentialAction\":[{\"@type\":\"SearchAction\",\"target\":{\"@type\":\"EntryPoint\",\"urlTemplate\":\"https:\/\/bodevici.com\/?s={search_term_string}\"},\"query-input\":{\"@type\":\"PropertyValueSpecification\",\"valueRequired\":true,\"valueName\":\"search_term_string\"}}],\"inLanguage\":\"es\"}]}<\/script>\n<!-- \/ Yoast SEO plugin. -->","yoast_head_json":{"title":"Crema catalana de la Iaia Mar\u00eda - Bodevici","robots":{"index":"index","follow":"follow","max-snippet":"max-snippet:-1","max-image-preview":"max-image-preview:large","max-video-preview":"max-video-preview:-1"},"canonical":"https:\/\/bodevici.com\/es\/producto\/crema-catalana","og_locale":"es_ES","og_type":"article","og_title":"Crema catalana de la Iaia Mar\u00eda - Bodevici","og_description":"Una receta hecha con el coraz\u00f3n. Este sabor es un homenaje sincero a la abuela de Jordi \u2013 y a todas las abuelas, en realidad- y a esa generosidad de la que hacen gala. Nos hemos inspirado en las sobremesas familiares y los postres de domingo. Y para que se hiciera m\u00e1s inolvidable, le hemos a\u00f1adido un acabado de az\u00facar de ca\u00f1a caramelizada por encima. Es un helado que nos emociona tanto como echar una mirada dulce hacia atr\u00e1s.","og_url":"https:\/\/bodevici.com\/es\/producto\/crema-catalana","og_site_name":"Bodevici","article_modified_time":"2021-02-12T09:54:26+00:00","og_image":[{"width":800,"height":800,"url":"https:\/\/bodevici.com\/wp-content\/uploads\/2020\/10\/Crema-catalana.png","type":"image\/png"}],"twitter_card":"summary_large_image","schema":{"@context":"https:\/\/schema.org","@graph":[{"@type":"WebPage","@id":"https:\/\/bodevici.com\/es\/producto\/crema-catalana","url":"https:\/\/bodevici.com\/es\/producto\/crema-catalana","name":"Crema catalana de la Iaia Mar\u00eda - Bodevici","isPartOf":{"@id":"https:\/\/bodevici.com\/#website"},"primaryImageOfPage":{"@id":"https:\/\/bodevici.com\/es\/producto\/crema-catalana#primaryimage"},"image":{"@id":"https:\/\/bodevici.com\/es\/producto\/crema-catalana#primaryimage"},"thumbnailUrl":"https:\/\/bodevici.com\/wp-content\/uploads\/2020\/10\/Crema-catalana.png","datePublished":"2020-10-01T14:34:16+00:00","dateModified":"2021-02-12T09:54:26+00:00","breadcrumb":{"@id":"https:\/\/bodevici.com\/es\/producto\/crema-catalana#breadcrumb"},"inLanguage":"es","potentialAction":[{"@type":"ReadAction","target":["https:\/\/bodevici.com\/es\/producto\/crema-catalana"]}]},{"@type":"ImageObject","inLanguage":"es","@id":"https:\/\/bodevici.com\/es\/producto\/crema-catalana#primaryimage","url":"https:\/\/bodevici.com\/wp-content\/uploads\/2020\/10\/Crema-catalana.png","contentUrl":"https:\/\/bodevici.com\/wp-content\/uploads\/2020\/10\/Crema-catalana.png","width":800,"height":800},{"@type":"BreadcrumbList","@id":"https:\/\/bodevici.com\/es\/producto\/crema-catalana#breadcrumb","itemListElement":[{"@type":"ListItem","position":1,"name":"Inici","item":"https:\/\/bodevici.com\/es"},{"@type":"ListItem","position":2,"name":"Botiga","item":"https:\/\/bodevici.com\/?page_id=74547"},{"@type":"ListItem","position":3,"name":"Crema catalana de la Iaia Mar\u00eda"}]},{"@type":"WebSite","@id":"https:\/\/bodevici.com\/#website","url":"https:\/\/bodevici.com\/","name":"Bodevici","description":"Somos la 1\u00aa heladeria Zero Waste de Europa","potentialAction":[{"@type":"SearchAction","target":{"@type":"EntryPoint","urlTemplate":"https:\/\/bodevici.com\/?s={search_term_string}"},"query-input":{"@type":"PropertyValueSpecification","valueRequired":true,"valueName":"search_term_string"}}],"inLanguage":"es"}]}},"_links":{"self":[{"href":"https:\/\/bodevici.com\/es\/wp-json\/wp\/v2\/product\/546","targetHints":{"allow":["GET"]}}],"collection":[{"href":"https:\/\/bodevici.com\/es\/wp-json\/wp\/v2\/product"}],"about":[{"href":"https:\/\/bodevici.com\/es\/wp-json\/wp\/v2\/types\/product"}],"wp:featuredmedia":[{"embeddable":true,"href":"https:\/\/bodevici.com\/es\/wp-json\/wp\/v2\/media\/661"}],"wp:attachment":[{"href":"https:\/\/bodevici.com\/es\/wp-json\/wp\/v2\/media?parent=546"}],"wp:term":[{"taxonomy":"product_brand","embeddable":true,"href":"https:\/\/bodevici.com\/es\/wp-json\/wp\/v2\/product_brand?post=546"},{"taxonomy":"product_cat","embeddable":true,"href":"https:\/\/bodevici.com\/es\/wp-json\/wp\/v2\/product_cat?post=546"},{"taxonomy":"product_tag","embeddable":true,"href":"https:\/\/bodevici.com\/es\/wp-json\/wp\/v2\/product_tag?post=546"}],"curies":[{"name":"wp","href":"https:\/\/api.w.org\/{rel}","templated":true}]}}